{"id":739,"date":"2025-09-24T18:04:10","date_gmt":"2025-09-24T18:04:10","guid":{"rendered":"https:\/\/psoin.us.edu.pl\/?page_id=739"},"modified":"2025-09-24T18:06:34","modified_gmt":"2025-09-24T18:06:34","slug":"aktualnosci","status":"publish","type":"page","link":"https:\/\/psoin.us.edu.pl\/index.php\/aktualnosci\/","title":{"rendered":"aktualno\u015bci"},"content":{"rendered":"\t\t<div data-elementor-type=\"wp-page\" data-elementor-id=\"739\" class=\"elementor elementor-739\" data-elementor-post-type=\"page\">\n\t\t\t\t<div class=\"elementor-element elementor-element-37eada6 e-flex e-con-boxed e-con e-parent\" data-id=\"37eada6\" data-element_type=\"container\" data-e-type=\"container\">\n\t\t\t\t\t<div class=\"e-con-inner\">\n\t\t\t\t<div class=\"elementor-element elementor-element-a66f87b elementor-grid-3 elementor-grid-tablet-2 elementor-grid-mobile-1 elementor-posts--thumbnail-top elementor-widget elementor-widget-posts\" data-id=\"a66f87b\" data-element_type=\"widget\" data-e-type=\"widget\" data-settings=\"{&quot;classic_columns&quot;:&quot;3&quot;,&quot;classic_columns_tablet&quot;:&quot;2&quot;,&quot;classic_columns_mobile&quot;:&quot;1&quot;,&quot;classic_row_gap&quot;:{&quot;unit&quot;:&quot;px&quot;,&quot;size&quot;:35,&quot;sizes&quot;:[]},&quot;classic_row_gap_tablet&quot;:{&quot;unit&quot;:&quot;px&quot;,&quot;size&quot;:&quot;&quot;,&quot;sizes&quot;:[]},&quot;classic_row_gap_mobile&quot;:{&quot;unit&quot;:&quot;px&quot;,&quot;size&quot;:&quot;&quot;,&quot;sizes&quot;:[]}}\" data-widget_type=\"posts.classic\">\n\t\t\t\t<div class=\"elementor-widget-container\">\n\t\t\t\t\t\t\t<div class=\"elementor-posts-container elementor-posts elementor-posts--skin-classic elementor-grid\" role=\"list\">\n\t\t\t\t<article class=\"elementor-post elementor-grid-item post-769 post type-post status-publish format-standard has-post-thumbnail hentry category-wiadomosci\" role=\"listitem\">\n\t\t\t\t<a class=\"elementor-post__thumbnail__link\" href=\"https:\/\/psoin.us.edu.pl\/index.php\/2026\/03\/30\/zyczenia-rektora-us-z-okazji-swiat-wielkanocnych\/\" tabindex=\"-1\" >\n\t\t\t<div class=\"elementor-post__thumbnail\"><img fetchpriority=\"high\" decoding=\"async\" width=\"300\" height=\"174\" src=\"https:\/\/psoin.us.edu.pl\/wp-content\/uploads\/2026\/03\/obrazek_wyrozniajacy-600x348-1-300x174.png\" class=\"attachment-medium size-medium wp-image-777\" alt=\"\" srcset=\"https:\/\/psoin.us.edu.pl\/wp-content\/uploads\/2026\/03\/obrazek_wyrozniajacy-600x348-1-300x174.png 300w, https:\/\/psoin.us.edu.pl\/wp-content\/uploads\/2026\/03\/obrazek_wyrozniajacy-600x348-1.png 600w\" sizes=\"(max-width: 300px) 100vw, 300px\" \/><\/div>\n\t\t<\/a>\n\t\t\t\t<div class=\"elementor-post__text\">\n\t\t\t\t<h3 class=\"elementor-post__title\">\n\t\t\t<a href=\"https:\/\/psoin.us.edu.pl\/index.php\/2026\/03\/30\/zyczenia-rektora-us-z-okazji-swiat-wielkanocnych\/\" >\n\t\t\t\t\u017byczenia rektora U\u015a z okazji \u015awi\u0105t Wielkanocnych\t\t\t<\/a>\n\t\t<\/h3>\n\t\t\t\t<div class=\"elementor-post__meta-data\">\n\t\t\t\t\t<span class=\"elementor-post-date\">\n\t\t\t30 marca, 2026\t\t<\/span>\n\t\t\t\t<\/div>\n\t\t\t\t<div class=\"elementor-post__excerpt\">\n\t\t\t\t\t<\/div>\n\t\t\n\t\t<a class=\"elementor-post__read-more\" href=\"https:\/\/psoin.us.edu.pl\/index.php\/2026\/03\/30\/zyczenia-rektora-us-z-okazji-swiat-wielkanocnych\/\" aria-label=\"Read more about \u017byczenia rektora U\u015a z okazji \u015awi\u0105t Wielkanocnych\" tabindex=\"-1\" >\n\t\t\tCzytaj wi\u0119cej \u00bb\t\t<\/a>\n\n\t\t\t\t<\/div>\n\t\t\t\t<\/article>\n\t\t\t\t<article class=\"elementor-post elementor-grid-item post-760 post type-post status-publish format-standard has-post-thumbnail hentry category-wiadomosci\" role=\"listitem\">\n\t\t\t\t<a class=\"elementor-post__thumbnail__link\" href=\"https:\/\/psoin.us.edu.pl\/index.php\/2025\/12\/23\/pokoj-i-milosc-zyczenia-rektora-na-swieta-bozego-narodzenia-i-nowy-rok-2026\/\" tabindex=\"-1\" >\n\t\t\t<div class=\"elementor-post__thumbnail\"><img decoding=\"async\" width=\"300\" height=\"202\" src=\"https:\/\/psoin.us.edu.pl\/wp-content\/uploads\/2025\/12\/Kartka_Swiateczna_US-300x202.jpg\" class=\"attachment-medium size-medium wp-image-765\" alt=\"\" srcset=\"https:\/\/psoin.us.edu.pl\/wp-content\/uploads\/2025\/12\/Kartka_Swiateczna_US-300x202.jpg 300w, https:\/\/psoin.us.edu.pl\/wp-content\/uploads\/2025\/12\/Kartka_Swiateczna_US-768x517.jpg 768w, https:\/\/psoin.us.edu.pl\/wp-content\/uploads\/2025\/12\/Kartka_Swiateczna_US.jpg 800w\" sizes=\"(max-width: 300px) 100vw, 300px\" \/><\/div>\n\t\t<\/a>\n\t\t\t\t<div class=\"elementor-post__text\">\n\t\t\t\t<h3 class=\"elementor-post__title\">\n\t\t\t<a href=\"https:\/\/psoin.us.edu.pl\/index.php\/2025\/12\/23\/pokoj-i-milosc-zyczenia-rektora-na-swieta-bozego-narodzenia-i-nowy-rok-2026\/\" >\n\t\t\t\tPok\u00f3j i mi\u0142o\u015b\u0107. \u017byczenia rektora na \u015awi\u0119ta Bo\u017cego Narodzenia i Nowy Rok 2026\t\t\t<\/a>\n\t\t<\/h3>\n\t\t\t\t<div class=\"elementor-post__meta-data\">\n\t\t\t\t\t<span class=\"elementor-post-date\">\n\t\t\t23 grudnia, 2025\t\t<\/span>\n\t\t\t\t<\/div>\n\t\t\t\t<div class=\"elementor-post__excerpt\">\n\t\t\t<p>Nadchodzi czas \u015bwi\u0105t Bo\u017cego Narodzenia i Nowego Roku. Tradycyjnie ju\u017c dwie si\u0142y \u2013 religia i rynek \u2013 rywalizuj\u0105 na naszych oczach o prawo do symbolicznego<\/p>\n\t\t<\/div>\n\t\t\n\t\t<a class=\"elementor-post__read-more\" href=\"https:\/\/psoin.us.edu.pl\/index.php\/2025\/12\/23\/pokoj-i-milosc-zyczenia-rektora-na-swieta-bozego-narodzenia-i-nowy-rok-2026\/\" aria-label=\"Read more about Pok\u00f3j i mi\u0142o\u015b\u0107. \u017byczenia rektora na \u015awi\u0119ta Bo\u017cego Narodzenia i Nowy Rok 2026\" tabindex=\"-1\" >\n\t\t\tCzytaj wi\u0119cej \u00bb\t\t<\/a>\n\n\t\t\t\t<\/div>\n\t\t\t\t<\/article>\n\t\t\t\t<article class=\"elementor-post elementor-grid-item post-687 post type-post status-publish format-standard has-post-thumbnail hentry category-wiadomosci\" role=\"listitem\">\n\t\t\t\t<a class=\"elementor-post__thumbnail__link\" href=\"https:\/\/psoin.us.edu.pl\/index.php\/2025\/09\/23\/inauguracja-roku-akademickiego-2025-2026\/\" tabindex=\"-1\" >\n\t\t\t<div class=\"elementor-post__thumbnail\"><img decoding=\"async\" width=\"300\" height=\"225\" src=\"https:\/\/psoin.us.edu.pl\/wp-content\/uploads\/2025\/09\/biret-300x225.jpg\" class=\"attachment-medium size-medium wp-image-693\" alt=\"\" srcset=\"https:\/\/psoin.us.edu.pl\/wp-content\/uploads\/2025\/09\/biret-300x225.jpg 300w, https:\/\/psoin.us.edu.pl\/wp-content\/uploads\/2025\/09\/biret-768x576.jpg 768w, https:\/\/psoin.us.edu.pl\/wp-content\/uploads\/2025\/09\/biret.jpg 800w\" sizes=\"(max-width: 300px) 100vw, 300px\" \/><\/div>\n\t\t<\/a>\n\t\t\t\t<div class=\"elementor-post__text\">\n\t\t\t\t<h3 class=\"elementor-post__title\">\n\t\t\t<a href=\"https:\/\/psoin.us.edu.pl\/index.php\/2025\/09\/23\/inauguracja-roku-akademickiego-2025-2026\/\" >\n\t\t\t\tInauguracja roku akademickiego 2025\/2026\t\t\t<\/a>\n\t\t<\/h3>\n\t\t\t\t<div class=\"elementor-post__meta-data\">\n\t\t\t\t\t<span class=\"elementor-post-date\">\n\t\t\t23 wrze\u015bnia, 2025\t\t<\/span>\n\t\t\t\t<\/div>\n\t\t\t\t<div class=\"elementor-post__excerpt\">\n\t\t\t<p>Uroczysta inauguracja roku akademickiego 2025\/2026 na Studiach podyplomowych Ochrona informacji niejawnych i administracja bezpiecze\u0144stwa informacji\u00a0 odb\u0119dzie si\u0119 18 pa\u017adziernika 2025 roku. Program wydarzenia: 9.00 &#8211;<\/p>\n\t\t<\/div>\n\t\t\n\t\t<a class=\"elementor-post__read-more\" href=\"https:\/\/psoin.us.edu.pl\/index.php\/2025\/09\/23\/inauguracja-roku-akademickiego-2025-2026\/\" aria-label=\"Read more about Inauguracja roku akademickiego 2025\/2026\" tabindex=\"-1\" >\n\t\t\tCzytaj wi\u0119cej \u00bb\t\t<\/a>\n\n\t\t\t\t<\/div>\n\t\t\t\t<\/article>\n\t\t\t\t<article class=\"elementor-post elementor-grid-item post-710 post type-post status-publish format-standard has-post-thumbnail hentry category-wiadomosci\" role=\"listitem\">\n\t\t\t\t<a class=\"elementor-post__thumbnail__link\" href=\"https:\/\/psoin.us.edu.pl\/index.php\/2025\/09\/22\/informacja-o-przedluzeniu-rekrutacji-do-30092025\/\" tabindex=\"-1\" >\n\t\t\t<div class=\"elementor-post__thumbnail\"><img loading=\"lazy\" decoding=\"async\" width=\"300\" height=\"300\" src=\"https:\/\/psoin.us.edu.pl\/wp-content\/uploads\/2025\/09\/2-tura-rekrutacja-300x300.jpg\" class=\"attachment-medium size-medium wp-image-711\" alt=\"\" srcset=\"https:\/\/psoin.us.edu.pl\/wp-content\/uploads\/2025\/09\/2-tura-rekrutacja-300x300.jpg 300w, https:\/\/psoin.us.edu.pl\/wp-content\/uploads\/2025\/09\/2-tura-rekrutacja-1024x1024.jpg 1024w, https:\/\/psoin.us.edu.pl\/wp-content\/uploads\/2025\/09\/2-tura-rekrutacja-150x150.jpg 150w, https:\/\/psoin.us.edu.pl\/wp-content\/uploads\/2025\/09\/2-tura-rekrutacja-768x768.jpg 768w, https:\/\/psoin.us.edu.pl\/wp-content\/uploads\/2025\/09\/2-tura-rekrutacja.jpg 1200w\" sizes=\"(max-width: 300px) 100vw, 300px\" \/><\/div>\n\t\t<\/a>\n\t\t\t\t<div class=\"elementor-post__text\">\n\t\t\t\t<h3 class=\"elementor-post__title\">\n\t\t\t<a href=\"https:\/\/psoin.us.edu.pl\/index.php\/2025\/09\/22\/informacja-o-przedluzeniu-rekrutacji-do-30092025\/\" >\n\t\t\t\tInformacja o przed\u0142u\u017ceniu rekrutacji do 30.09.2025\t\t\t<\/a>\n\t\t<\/h3>\n\t\t\t\t<div class=\"elementor-post__meta-data\">\n\t\t\t\t\t<span class=\"elementor-post-date\">\n\t\t\t22 wrze\u015bnia, 2025\t\t<\/span>\n\t\t\t\t<\/div>\n\t\t\t\t<div class=\"elementor-post__excerpt\">\n\t\t\t<p>Informujemy, \u017ce mamy jeszcze wolne miejsca na studiach podyplomowych Ochrona informacji niejawnych i administracja bezpiecze\u0144stwa informacji. Rekrutacja zosta\u0142a przed\u0142u\u017cona do dnia 30.09.2025 r. Zapisz si\u0119<\/p>\n\t\t<\/div>\n\t\t\n\t\t<a class=\"elementor-post__read-more\" href=\"https:\/\/psoin.us.edu.pl\/index.php\/2025\/09\/22\/informacja-o-przedluzeniu-rekrutacji-do-30092025\/\" aria-label=\"Read more about Informacja o przed\u0142u\u017ceniu rekrutacji do 30.09.2025\" tabindex=\"-1\" >\n\t\t\tCzytaj wi\u0119cej \u00bb\t\t<\/a>\n\n\t\t\t\t<\/div>\n\t\t\t\t<\/article>\n\t\t\t\t<article class=\"elementor-post elementor-grid-item post-657 post type-post status-publish format-standard has-post-thumbnail hentry category-wiadomosci\" role=\"listitem\">\n\t\t\t\t<a class=\"elementor-post__thumbnail__link\" href=\"https:\/\/psoin.us.edu.pl\/index.php\/2025\/09\/05\/ogloszenie-o-uruchomieniu-xxi-edycji\/\" tabindex=\"-1\" >\n\t\t\t<div class=\"elementor-post__thumbnail\"><img loading=\"lazy\" decoding=\"async\" width=\"300\" height=\"225\" src=\"https:\/\/psoin.us.edu.pl\/wp-content\/uploads\/2025\/09\/psoin-wyr-300x225.png\" class=\"attachment-medium size-medium wp-image-658\" alt=\"\" srcset=\"https:\/\/psoin.us.edu.pl\/wp-content\/uploads\/2025\/09\/psoin-wyr-300x225.png 300w, https:\/\/psoin.us.edu.pl\/wp-content\/uploads\/2025\/09\/psoin-wyr-768x576.png 768w, https:\/\/psoin.us.edu.pl\/wp-content\/uploads\/2025\/09\/psoin-wyr.png 800w\" sizes=\"(max-width: 300px) 100vw, 300px\" \/><\/div>\n\t\t<\/a>\n\t\t\t\t<div class=\"elementor-post__text\">\n\t\t\t\t<h3 class=\"elementor-post__title\">\n\t\t\t<a href=\"https:\/\/psoin.us.edu.pl\/index.php\/2025\/09\/05\/ogloszenie-o-uruchomieniu-xxi-edycji\/\" >\n\t\t\t\tOg\u0142oszenie o uruchomieniu XXI edycji\t\t\t<\/a>\n\t\t<\/h3>\n\t\t\t\t<div class=\"elementor-post__meta-data\">\n\t\t\t\t\t<span class=\"elementor-post-date\">\n\t\t\t5 wrze\u015bnia, 2025\t\t<\/span>\n\t\t\t\t<\/div>\n\t\t\t\t<div class=\"elementor-post__excerpt\">\n\t\t\t<p>Mi\u0142o nam poinformowa\u0107, \u017ce w dniu 18.10.2025 r. o godzinie 9.00 rozpocznie si\u0119 XXI edycja studi\u00f3w podyplomowych Ochrona informacji niejawnych i administracja bezpiecze\u0144stwa informacji. Spotykamy<\/p>\n\t\t<\/div>\n\t\t\n\t\t<a class=\"elementor-post__read-more\" href=\"https:\/\/psoin.us.edu.pl\/index.php\/2025\/09\/05\/ogloszenie-o-uruchomieniu-xxi-edycji\/\" aria-label=\"Read more about Og\u0142oszenie o uruchomieniu XXI edycji\" tabindex=\"-1\" >\n\t\t\tCzytaj wi\u0119cej \u00bb\t\t<\/a>\n\n\t\t\t\t<\/div>\n\t\t\t\t<\/article>\n\t\t\t\t<article class=\"elementor-post elementor-grid-item post-406 post type-post status-publish format-standard has-post-thumbnail hentry category-wiadomosci\" role=\"listitem\">\n\t\t\t\t<a class=\"elementor-post__thumbnail__link\" href=\"https:\/\/psoin.us.edu.pl\/index.php\/2025\/07\/01\/edycja-2024-2025-zakonczona\/\" tabindex=\"-1\" >\n\t\t\t<div class=\"elementor-post__thumbnail\"><img loading=\"lazy\" decoding=\"async\" width=\"300\" height=\"225\" src=\"https:\/\/psoin.us.edu.pl\/wp-content\/uploads\/2025\/07\/zdjecie-koniec-studiow-300x225.jpg\" class=\"attachment-medium size-medium wp-image-407\" alt=\"\" srcset=\"https:\/\/psoin.us.edu.pl\/wp-content\/uploads\/2025\/07\/zdjecie-koniec-studiow-300x225.jpg 300w, https:\/\/psoin.us.edu.pl\/wp-content\/uploads\/2025\/07\/zdjecie-koniec-studiow-1024x768.jpg 1024w, https:\/\/psoin.us.edu.pl\/wp-content\/uploads\/2025\/07\/zdjecie-koniec-studiow-768x576.jpg 768w, https:\/\/psoin.us.edu.pl\/wp-content\/uploads\/2025\/07\/zdjecie-koniec-studiow-1536x1152.jpg 1536w, https:\/\/psoin.us.edu.pl\/wp-content\/uploads\/2025\/07\/zdjecie-koniec-studiow.jpg 2048w\" sizes=\"(max-width: 300px) 100vw, 300px\" \/><\/div>\n\t\t<\/a>\n\t\t\t\t<div class=\"elementor-post__text\">\n\t\t\t\t<h3 class=\"elementor-post__title\">\n\t\t\t<a href=\"https:\/\/psoin.us.edu.pl\/index.php\/2025\/07\/01\/edycja-2024-2025-zakonczona\/\" >\n\t\t\t\tEdycja 2024\/2025 zako\u0144czona\t\t\t<\/a>\n\t\t<\/h3>\n\t\t\t\t<div class=\"elementor-post__meta-data\">\n\t\t\t\t\t<span class=\"elementor-post-date\">\n\t\t\t1 lipca, 2025\t\t<\/span>\n\t\t\t\t<\/div>\n\t\t\t\t<div class=\"elementor-post__excerpt\">\n\t\t\t<p>Edycja 2024\/2025 zako\u0144czona W sobot\u0119 14\u00a0 czerwca odby\u0142o si\u0119 uroczyste wr\u0119czenie \u015bwiadectw uko\u0144czenia studi\u00f3w podyplomowych oraz certyfikat\u00f3w auditora. W ko\u0144cu, po dw\u00f3ch semestrach nauki zdalnej<\/p>\n\t\t<\/div>\n\t\t\n\t\t<a class=\"elementor-post__read-more\" href=\"https:\/\/psoin.us.edu.pl\/index.php\/2025\/07\/01\/edycja-2024-2025-zakonczona\/\" aria-label=\"Read more about Edycja 2024\/2025 zako\u0144czona\" tabindex=\"-1\" >\n\t\t\tCzytaj wi\u0119cej \u00bb\t\t<\/a>\n\n\t\t\t\t<\/div>\n\t\t\t\t<\/article>\n\t\t\t\t<article class=\"elementor-post elementor-grid-item post-385 post type-post status-publish format-standard has-post-thumbnail hentry category-wiadomosci\" role=\"listitem\">\n\t\t\t\t<a class=\"elementor-post__thumbnail__link\" href=\"https:\/\/psoin.us.edu.pl\/index.php\/2025\/06\/03\/rekrutacja-na-rok-akademicki-2025-2026-rozpoczeta-2-czerwca-2025\/\" tabindex=\"-1\" >\n\t\t\t<div class=\"elementor-post__thumbnail\"><img loading=\"lazy\" decoding=\"async\" width=\"300\" height=\"300\" src=\"https:\/\/psoin.us.edu.pl\/wp-content\/uploads\/2025\/06\/studia-podyplomowe-rekrutacja-300x300.jpg\" class=\"attachment-medium size-medium wp-image-393\" alt=\"\" srcset=\"https:\/\/psoin.us.edu.pl\/wp-content\/uploads\/2025\/06\/studia-podyplomowe-rekrutacja-300x300.jpg 300w, https:\/\/psoin.us.edu.pl\/wp-content\/uploads\/2025\/06\/studia-podyplomowe-rekrutacja-1024x1024.jpg 1024w, https:\/\/psoin.us.edu.pl\/wp-content\/uploads\/2025\/06\/studia-podyplomowe-rekrutacja-150x150.jpg 150w, https:\/\/psoin.us.edu.pl\/wp-content\/uploads\/2025\/06\/studia-podyplomowe-rekrutacja-768x768.jpg 768w, https:\/\/psoin.us.edu.pl\/wp-content\/uploads\/2025\/06\/studia-podyplomowe-rekrutacja.jpg 1200w\" sizes=\"(max-width: 300px) 100vw, 300px\" \/><\/div>\n\t\t<\/a>\n\t\t\t\t<div class=\"elementor-post__text\">\n\t\t\t\t<h3 class=\"elementor-post__title\">\n\t\t\t<a href=\"https:\/\/psoin.us.edu.pl\/index.php\/2025\/06\/03\/rekrutacja-na-rok-akademicki-2025-2026-rozpoczeta-2-czerwca-2025\/\" >\n\t\t\t\tRekrutacja na rok akademicki 2025\/2026 rozpocz\u0119ta 2 czerwca 2025\t\t\t<\/a>\n\t\t<\/h3>\n\t\t\t\t<div class=\"elementor-post__meta-data\">\n\t\t\t\t\t<span class=\"elementor-post-date\">\n\t\t\t3 czerwca, 2025\t\t<\/span>\n\t\t\t\t<\/div>\n\t\t\t\t<div class=\"elementor-post__excerpt\">\n\t\t\t<p>Zapraszamy na Studia podyplomowe Ochrona informacji niejawnych i administracja bezpiecze\u0144stwa informacji w roku akademickim 2025\/2026. B\u0119dzie to ju\u017c XXI edycja!Rekrutacja trwa od 2 czerwca do<\/p>\n\t\t<\/div>\n\t\t\n\t\t<a class=\"elementor-post__read-more\" href=\"https:\/\/psoin.us.edu.pl\/index.php\/2025\/06\/03\/rekrutacja-na-rok-akademicki-2025-2026-rozpoczeta-2-czerwca-2025\/\" aria-label=\"Read more about Rekrutacja na rok akademicki 2025\/2026 rozpocz\u0119ta 2 czerwca 2025\" tabindex=\"-1\" >\n\t\t\tCzytaj wi\u0119cej \u00bb\t\t<\/a>\n\n\t\t\t\t<\/div>\n\t\t\t\t<\/article>\n\t\t\t\t<article class=\"elementor-post elementor-grid-item post-373 post type-post status-publish format-standard has-post-thumbnail hentry category-wiadomosci\" role=\"listitem\">\n\t\t\t\t<a class=\"elementor-post__thumbnail__link\" href=\"https:\/\/psoin.us.edu.pl\/index.php\/2025\/06\/02\/zakonczenie-roku-akademickiego-2024-2025\/\" tabindex=\"-1\" >\n\t\t\t<div class=\"elementor-post__thumbnail\"><img loading=\"lazy\" decoding=\"async\" width=\"300\" height=\"196\" src=\"https:\/\/psoin.us.edu.pl\/wp-content\/uploads\/2024\/05\/tablica-zaprawy-i-dyplom-ukonczenia-studiow-1-scaled-1-300x196.jpg\" class=\"attachment-medium size-medium wp-image-188\" alt=\"\" srcset=\"https:\/\/psoin.us.edu.pl\/wp-content\/uploads\/2024\/05\/tablica-zaprawy-i-dyplom-ukonczenia-studiow-1-scaled-1-300x196.jpg 300w, https:\/\/psoin.us.edu.pl\/wp-content\/uploads\/2024\/05\/tablica-zaprawy-i-dyplom-ukonczenia-studiow-1-scaled-1-768x501.jpg 768w, https:\/\/psoin.us.edu.pl\/wp-content\/uploads\/2024\/05\/tablica-zaprawy-i-dyplom-ukonczenia-studiow-1-scaled-1.jpg 800w\" sizes=\"(max-width: 300px) 100vw, 300px\" \/><\/div>\n\t\t<\/a>\n\t\t\t\t<div class=\"elementor-post__text\">\n\t\t\t\t<h3 class=\"elementor-post__title\">\n\t\t\t<a href=\"https:\/\/psoin.us.edu.pl\/index.php\/2025\/06\/02\/zakonczenie-roku-akademickiego-2024-2025\/\" >\n\t\t\t\tZako\u0144czenie roku akademickiego 2024\/2025\t\t\t<\/a>\n\t\t<\/h3>\n\t\t\t\t<div class=\"elementor-post__meta-data\">\n\t\t\t\t\t<span class=\"elementor-post-date\">\n\t\t\t2 czerwca, 2025\t\t<\/span>\n\t\t\t\t<\/div>\n\t\t\t\t<div class=\"elementor-post__excerpt\">\n\t\t\t<p>Komunikat dla Absolwent\u00f3w W dniu 14 czerwca 2025 r.\u00a0 w sobot\u0119 o godz. 12.00 odb\u0119dzie si\u0119 uroczysto\u015b\u0107 zako\u0144czenia studi\u00f3w podyplomowych.\u00a0 Podczas uroczysto\u015bci zostan\u0105 wr\u0119czone \u015bwiadectwa<\/p>\n\t\t<\/div>\n\t\t\n\t\t<a class=\"elementor-post__read-more\" href=\"https:\/\/psoin.us.edu.pl\/index.php\/2025\/06\/02\/zakonczenie-roku-akademickiego-2024-2025\/\" aria-label=\"Read more about Zako\u0144czenie roku akademickiego 2024\/2025\" tabindex=\"-1\" >\n\t\t\tCzytaj wi\u0119cej \u00bb\t\t<\/a>\n\n\t\t\t\t<\/div>\n\t\t\t\t<\/article>\n\t\t\t\t<article class=\"elementor-post elementor-grid-item post-314 post type-post status-publish format-standard has-post-thumbnail hentry category-wiadomosci\" role=\"listitem\">\n\t\t\t\t<a class=\"elementor-post__thumbnail__link\" href=\"https:\/\/psoin.us.edu.pl\/index.php\/2025\/04\/14\/psoin-swiatecznie\/\" tabindex=\"-1\" >\n\t\t\t<div class=\"elementor-post__thumbnail\"><img loading=\"lazy\" decoding=\"async\" width=\"300\" height=\"300\" src=\"https:\/\/psoin.us.edu.pl\/wp-content\/uploads\/2025\/04\/wielkanoc_drzewko_2020-300x300.jpg\" class=\"attachment-medium size-medium wp-image-315\" alt=\"\" srcset=\"https:\/\/psoin.us.edu.pl\/wp-content\/uploads\/2025\/04\/wielkanoc_drzewko_2020-300x300.jpg 300w, https:\/\/psoin.us.edu.pl\/wp-content\/uploads\/2025\/04\/wielkanoc_drzewko_2020-150x150.jpg 150w, https:\/\/psoin.us.edu.pl\/wp-content\/uploads\/2025\/04\/wielkanoc_drzewko_2020-768x768.jpg 768w, https:\/\/psoin.us.edu.pl\/wp-content\/uploads\/2025\/04\/wielkanoc_drzewko_2020.jpg 1000w\" sizes=\"(max-width: 300px) 100vw, 300px\" \/><\/div>\n\t\t<\/a>\n\t\t\t\t<div class=\"elementor-post__text\">\n\t\t\t\t<h3 class=\"elementor-post__title\">\n\t\t\t<a href=\"https:\/\/psoin.us.edu.pl\/index.php\/2025\/04\/14\/psoin-swiatecznie\/\" >\n\t\t\t\tPSOIN \u015bwi\u0105tecznie\t\t\t<\/a>\n\t\t<\/h3>\n\t\t\t\t<div class=\"elementor-post__meta-data\">\n\t\t\t\t\t<span class=\"elementor-post-date\">\n\t\t\t14 kwietnia, 2025\t\t<\/span>\n\t\t\t\t<\/div>\n\t\t\t\t<div class=\"elementor-post__excerpt\">\n\t\t\t<p>Pogodnych \u015awi\u0105t \u017cycz\u0105 organizatorzy<\/p>\n\t\t<\/div>\n\t\t\n\t\t<a class=\"elementor-post__read-more\" href=\"https:\/\/psoin.us.edu.pl\/index.php\/2025\/04\/14\/psoin-swiatecznie\/\" aria-label=\"Read more about PSOIN \u015bwi\u0105tecznie\" tabindex=\"-1\" >\n\t\t\tCzytaj wi\u0119cej \u00bb\t\t<\/a>\n\n\t\t\t\t<\/div>\n\t\t\t\t<\/article>\n\t\t\t\t<article class=\"elementor-post elementor-grid-item post-304 post type-post status-publish format-standard has-post-thumbnail hentry category-wiadomosci\" role=\"listitem\">\n\t\t\t\t<a class=\"elementor-post__thumbnail__link\" href=\"https:\/\/psoin.us.edu.pl\/index.php\/2024\/12\/15\/koleda-uniwersytecka-pt-pierwszej-wielkosci-gwiazda\/\" tabindex=\"-1\" >\n\t\t\t<div class=\"elementor-post__thumbnail\"><img loading=\"lazy\" decoding=\"async\" width=\"300\" height=\"165\" src=\"https:\/\/psoin.us.edu.pl\/wp-content\/uploads\/2025\/01\/koleda-Uniwersytecka-2024-300x165.png\" class=\"attachment-medium size-medium wp-image-308\" alt=\"\" srcset=\"https:\/\/psoin.us.edu.pl\/wp-content\/uploads\/2025\/01\/koleda-Uniwersytecka-2024-300x165.png 300w, https:\/\/psoin.us.edu.pl\/wp-content\/uploads\/2025\/01\/koleda-Uniwersytecka-2024-1024x564.png 1024w, https:\/\/psoin.us.edu.pl\/wp-content\/uploads\/2025\/01\/koleda-Uniwersytecka-2024-768x423.png 768w, https:\/\/psoin.us.edu.pl\/wp-content\/uploads\/2025\/01\/koleda-Uniwersytecka-2024.png 1089w\" sizes=\"(max-width: 300px) 100vw, 300px\" \/><\/div>\n\t\t<\/a>\n\t\t\t\t<div class=\"elementor-post__text\">\n\t\t\t\t<h3 class=\"elementor-post__title\">\n\t\t\t<a href=\"https:\/\/psoin.us.edu.pl\/index.php\/2024\/12\/15\/koleda-uniwersytecka-pt-pierwszej-wielkosci-gwiazda\/\" >\n\t\t\t\tKol\u0119da uniwersytecka pt. \u201ePierwszej wielko\u015bci gwiazda\u201d\t\t\t<\/a>\n\t\t<\/h3>\n\t\t\t\t<div class=\"elementor-post__meta-data\">\n\t\t\t\t\t<span class=\"elementor-post-date\">\n\t\t\t15 grudnia, 2024\t\t<\/span>\n\t\t\t\t<\/div>\n\t\t\t\t<div class=\"elementor-post__excerpt\">\n\t\t\t<p>\u015awi\u0119ta tu\u017c tu\u017c, a razem z nimi czas na chwil\u0119 refleksji i odpoczynku. W tym wyj\u0105tkowym okresie mamy zaszczyt zaprezentowa\u0107 Wam uniwersyteck\u0105 kol\u0119d\u0119 pt. \u201ePierwszej<\/p>\n\t\t<\/div>\n\t\t\n\t\t<a class=\"elementor-post__read-more\" href=\"https:\/\/psoin.us.edu.pl\/index.php\/2024\/12\/15\/koleda-uniwersytecka-pt-pierwszej-wielkosci-gwiazda\/\" aria-label=\"Read more about Kol\u0119da uniwersytecka pt. \u201ePierwszej wielko\u015bci gwiazda\u201d\" tabindex=\"-1\" >\n\t\t\tCzytaj wi\u0119cej \u00bb\t\t<\/a>\n\n\t\t\t\t<\/div>\n\t\t\t\t<\/article>\n\t\t\t\t<article class=\"elementor-post elementor-grid-item post-295 post type-post status-publish format-standard has-post-thumbnail hentry category-wiadomosci\" role=\"listitem\">\n\t\t\t\t<a class=\"elementor-post__thumbnail__link\" href=\"https:\/\/psoin.us.edu.pl\/index.php\/2024\/10\/18\/inauguracja-xx-edycji-19-10-2024\/\" tabindex=\"-1\" >\n\t\t\t<div class=\"elementor-post__thumbnail\"><img loading=\"lazy\" decoding=\"async\" width=\"300\" height=\"225\" src=\"https:\/\/psoin.us.edu.pl\/wp-content\/uploads\/2024\/10\/slajd1-300x225.jpg\" class=\"attachment-medium size-medium wp-image-296\" alt=\"\" srcset=\"https:\/\/psoin.us.edu.pl\/wp-content\/uploads\/2024\/10\/slajd1-300x225.jpg 300w, https:\/\/psoin.us.edu.pl\/wp-content\/uploads\/2024\/10\/slajd1-768x576.jpg 768w, https:\/\/psoin.us.edu.pl\/wp-content\/uploads\/2024\/10\/slajd1.jpg 960w\" sizes=\"(max-width: 300px) 100vw, 300px\" \/><\/div>\n\t\t<\/a>\n\t\t\t\t<div class=\"elementor-post__text\">\n\t\t\t\t<h3 class=\"elementor-post__title\">\n\t\t\t<a href=\"https:\/\/psoin.us.edu.pl\/index.php\/2024\/10\/18\/inauguracja-xx-edycji-19-10-2024\/\" >\n\t\t\t\tInauguracja XX edycji | 19.10.2024\t\t\t<\/a>\n\t\t<\/h3>\n\t\t\t\t<div class=\"elementor-post__meta-data\">\n\t\t\t\t\t<span class=\"elementor-post-date\">\n\t\t\t18 pa\u017adziernika, 2024\t\t<\/span>\n\t\t\t\t<\/div>\n\t\t\t\t<div class=\"elementor-post__excerpt\">\n\t\t\t\t\t<\/div>\n\t\t\n\t\t<a class=\"elementor-post__read-more\" href=\"https:\/\/psoin.us.edu.pl\/index.php\/2024\/10\/18\/inauguracja-xx-edycji-19-10-2024\/\" aria-label=\"Read more about Inauguracja XX edycji | 19.10.2024\" tabindex=\"-1\" >\n\t\t\tCzytaj wi\u0119cej \u00bb\t\t<\/a>\n\n\t\t\t\t<\/div>\n\t\t\t\t<\/article>\n\t\t\t\t<article class=\"elementor-post elementor-grid-item post-286 post type-post status-publish format-standard has-post-thumbnail hentry category-wiadomosci\" role=\"listitem\">\n\t\t\t\t<a class=\"elementor-post__thumbnail__link\" href=\"https:\/\/psoin.us.edu.pl\/index.php\/2024\/09\/17\/elementor-286\/\" tabindex=\"-1\" >\n\t\t\t<div class=\"elementor-post__thumbnail\"><img loading=\"lazy\" decoding=\"async\" width=\"212\" height=\"300\" src=\"https:\/\/psoin.us.edu.pl\/wp-content\/uploads\/2024\/09\/2024_SP_grafiki-nowe-6-636x900-1-212x300.jpg\" class=\"attachment-medium size-medium wp-image-287\" alt=\"\" srcset=\"https:\/\/psoin.us.edu.pl\/wp-content\/uploads\/2024\/09\/2024_SP_grafiki-nowe-6-636x900-1-212x300.jpg 212w, https:\/\/psoin.us.edu.pl\/wp-content\/uploads\/2024\/09\/2024_SP_grafiki-nowe-6-636x900-1.jpg 636w\" sizes=\"(max-width: 212px) 100vw, 212px\" \/><\/div>\n\t\t<\/a>\n\t\t\t\t<div class=\"elementor-post__text\">\n\t\t\t\t<h3 class=\"elementor-post__title\">\n\t\t\t<a href=\"https:\/\/psoin.us.edu.pl\/index.php\/2024\/09\/17\/elementor-286\/\" >\n\t\t\t\tOg\u0142oszenie o uruchomieniu XX edycji\t\t\t<\/a>\n\t\t<\/h3>\n\t\t\t\t<div class=\"elementor-post__meta-data\">\n\t\t\t\t\t<span class=\"elementor-post-date\">\n\t\t\t17 wrze\u015bnia, 2024\t\t<\/span>\n\t\t\t\t<\/div>\n\t\t\t\t<div class=\"elementor-post__excerpt\">\n\t\t\t<p>Mi\u0142o nam poinformowa\u0107, \u017ce w dniu 19.10.2024 r. o godzinie 9.00 rozpocznie si\u0119 XX edycja studi\u00f3w podyplomowych Ochrona informacji niejawnych i administracja bezpiecze\u0144stwa informacji. Spotykamy<\/p>\n\t\t<\/div>\n\t\t\n\t\t<a class=\"elementor-post__read-more\" href=\"https:\/\/psoin.us.edu.pl\/index.php\/2024\/09\/17\/elementor-286\/\" aria-label=\"Read more about Og\u0142oszenie o uruchomieniu XX edycji\" tabindex=\"-1\" >\n\t\t\tCzytaj wi\u0119cej \u00bb\t\t<\/a>\n\n\t\t\t\t<\/div>\n\t\t\t\t<\/article>\n\t\t\t\t<article class=\"elementor-post elementor-grid-item post-276 post type-post status-publish format-standard has-post-thumbnail hentry category-wiadomosci\" role=\"listitem\">\n\t\t\t\t<a class=\"elementor-post__thumbnail__link\" href=\"https:\/\/psoin.us.edu.pl\/index.php\/2024\/07\/26\/rekrutacja-trwa-do-30-wrzesnia\/\" tabindex=\"-1\" >\n\t\t\t<div class=\"elementor-post__thumbnail\"><img loading=\"lazy\" decoding=\"async\" width=\"300\" height=\"300\" src=\"https:\/\/psoin.us.edu.pl\/wp-content\/uploads\/2023\/09\/banerPSOIN-300x300.png\" class=\"attachment-medium size-medium wp-image-11\" alt=\"\" srcset=\"https:\/\/psoin.us.edu.pl\/wp-content\/uploads\/2023\/09\/banerPSOIN-300x300.png 300w, https:\/\/psoin.us.edu.pl\/wp-content\/uploads\/2023\/09\/banerPSOIN-150x150.png 150w, https:\/\/psoin.us.edu.pl\/wp-content\/uploads\/2023\/09\/banerPSOIN.png 526w\" sizes=\"(max-width: 300px) 100vw, 300px\" \/><\/div>\n\t\t<\/a>\n\t\t\t\t<div class=\"elementor-post__text\">\n\t\t\t\t<h3 class=\"elementor-post__title\">\n\t\t\t<a href=\"https:\/\/psoin.us.edu.pl\/index.php\/2024\/07\/26\/rekrutacja-trwa-do-30-wrzesnia\/\" >\n\t\t\t\tRekrutacja trwa do 30 wrze\u015bnia. Zapisz si\u0119!\t\t\t<\/a>\n\t\t<\/h3>\n\t\t\t\t<div class=\"elementor-post__meta-data\">\n\t\t\t\t\t<span class=\"elementor-post-date\">\n\t\t\t26 lipca, 2024\t\t<\/span>\n\t\t\t\t<\/div>\n\t\t\t\t<div class=\"elementor-post__excerpt\">\n\t\t\t<p>Rekrutacja na studia trwa do 30 wrze\u015bnia 2024 r. Za\u0142\u00f3\u017c konto i zapisz si\u0119 na studia w systemie Internetowej Rejestracji Kandydata: irk.us.edu.pl<\/p>\n\t\t<\/div>\n\t\t\n\t\t<a class=\"elementor-post__read-more\" href=\"https:\/\/psoin.us.edu.pl\/index.php\/2024\/07\/26\/rekrutacja-trwa-do-30-wrzesnia\/\" aria-label=\"Read more about Rekrutacja trwa do 30 wrze\u015bnia. Zapisz si\u0119!\" tabindex=\"-1\" >\n\t\t\tCzytaj wi\u0119cej \u00bb\t\t<\/a>\n\n\t\t\t\t<\/div>\n\t\t\t\t<\/article>\n\t\t\t\t<article class=\"elementor-post elementor-grid-item post-259 post type-post status-publish format-standard has-post-thumbnail hentry category-wiadomosci\" role=\"listitem\">\n\t\t\t\t<a class=\"elementor-post__thumbnail__link\" href=\"https:\/\/psoin.us.edu.pl\/index.php\/2024\/06\/18\/fotoreportaz-z-uroczystosci-20-lecia-studiow-podyplomowych-ochrona-informacji-niejawnych-i-administracja-bezpieczenstwa-informacji-2\/\" tabindex=\"-1\" >\n\t\t\t<div class=\"elementor-post__thumbnail\"><img loading=\"lazy\" decoding=\"async\" width=\"300\" height=\"200\" src=\"https:\/\/psoin.us.edu.pl\/wp-content\/uploads\/2024\/06\/AgataKolodziejczyk_158-300x200.jpg\" class=\"attachment-medium size-medium wp-image-208\" alt=\"\" srcset=\"https:\/\/psoin.us.edu.pl\/wp-content\/uploads\/2024\/06\/AgataKolodziejczyk_158-300x200.jpg 300w, https:\/\/psoin.us.edu.pl\/wp-content\/uploads\/2024\/06\/AgataKolodziejczyk_158-768x512.jpg 768w, https:\/\/psoin.us.edu.pl\/wp-content\/uploads\/2024\/06\/AgataKolodziejczyk_158.jpg 900w\" sizes=\"(max-width: 300px) 100vw, 300px\" \/><\/div>\n\t\t<\/a>\n\t\t\t\t<div class=\"elementor-post__text\">\n\t\t\t\t<h3 class=\"elementor-post__title\">\n\t\t\t<a href=\"https:\/\/psoin.us.edu.pl\/index.php\/2024\/06\/18\/fotoreportaz-z-uroczystosci-20-lecia-studiow-podyplomowych-ochrona-informacji-niejawnych-i-administracja-bezpieczenstwa-informacji-2\/\" >\n\t\t\t\tFotoreporta\u017c z uroczysto\u015bci 20-lecia Studi\u00f3w podyplomowych Ochrona informacji niejawnych i administracja bezpiecze\u0144stwa informacji\t\t\t<\/a>\n\t\t<\/h3>\n\t\t\t\t<div class=\"elementor-post__meta-data\">\n\t\t\t\t\t<span class=\"elementor-post-date\">\n\t\t\t18 czerwca, 2024\t\t<\/span>\n\t\t\t\t<\/div>\n\t\t\t\t<div class=\"elementor-post__excerpt\">\n\t\t\t\t\t<\/div>\n\t\t\n\t\t<a class=\"elementor-post__read-more\" href=\"https:\/\/psoin.us.edu.pl\/index.php\/2024\/06\/18\/fotoreportaz-z-uroczystosci-20-lecia-studiow-podyplomowych-ochrona-informacji-niejawnych-i-administracja-bezpieczenstwa-informacji-2\/\" aria-label=\"Read more about Fotoreporta\u017c z uroczysto\u015bci 20-lecia Studi\u00f3w podyplomowych Ochrona informacji niejawnych i administracja bezpiecze\u0144stwa informacji\" tabindex=\"-1\" >\n\t\t\tCzytaj wi\u0119cej \u00bb\t\t<\/a>\n\n\t\t\t\t<\/div>\n\t\t\t\t<\/article>\n\t\t\t\t<article class=\"elementor-post elementor-grid-item post-195 post type-post status-publish format-standard has-post-thumbnail hentry category-wiadomosci\" role=\"listitem\">\n\t\t\t\t<a class=\"elementor-post__thumbnail__link\" href=\"https:\/\/psoin.us.edu.pl\/index.php\/2024\/06\/03\/rekrutacja-na-rok-akademicki-2024-2025-rozpoczeta\/\" tabindex=\"-1\" >\n\t\t\t<div class=\"elementor-post__thumbnail\"><img loading=\"lazy\" decoding=\"async\" width=\"300\" height=\"300\" src=\"https:\/\/psoin.us.edu.pl\/wp-content\/uploads\/2024\/06\/sp-zapisz-sie-300x300.jpg\" class=\"attachment-medium size-medium wp-image-196\" alt=\"\" srcset=\"https:\/\/psoin.us.edu.pl\/wp-content\/uploads\/2024\/06\/sp-zapisz-sie-300x300.jpg 300w, https:\/\/psoin.us.edu.pl\/wp-content\/uploads\/2024\/06\/sp-zapisz-sie-1024x1024.jpg 1024w, https:\/\/psoin.us.edu.pl\/wp-content\/uploads\/2024\/06\/sp-zapisz-sie-150x150.jpg 150w, https:\/\/psoin.us.edu.pl\/wp-content\/uploads\/2024\/06\/sp-zapisz-sie-768x768.jpg 768w, https:\/\/psoin.us.edu.pl\/wp-content\/uploads\/2024\/06\/sp-zapisz-sie-1536x1536.jpg 1536w, https:\/\/psoin.us.edu.pl\/wp-content\/uploads\/2024\/06\/sp-zapisz-sie.jpg 2048w\" sizes=\"(max-width: 300px) 100vw, 300px\" \/><\/div>\n\t\t<\/a>\n\t\t\t\t<div class=\"elementor-post__text\">\n\t\t\t\t<h3 class=\"elementor-post__title\">\n\t\t\t<a href=\"https:\/\/psoin.us.edu.pl\/index.php\/2024\/06\/03\/rekrutacja-na-rok-akademicki-2024-2025-rozpoczeta\/\" >\n\t\t\t\tRekrutacja na rok akademicki 2024\/2025 rozpocz\u0119ta\t\t\t<\/a>\n\t\t<\/h3>\n\t\t\t\t<div class=\"elementor-post__meta-data\">\n\t\t\t\t\t<span class=\"elementor-post-date\">\n\t\t\t3 czerwca, 2024\t\t<\/span>\n\t\t\t\t<\/div>\n\t\t\t\t<div class=\"elementor-post__excerpt\">\n\t\t\t<p>Rekrutacja trwa od 3 czerwca do 30 wrze\u015bnia 2024 r. Za\u0142\u00f3\u017c konto i zapisz si\u0119 na studia w systemie Internetowej Rejestracji Kandydata: irk.us.edu.pl<\/p>\n\t\t<\/div>\n\t\t\n\t\t<a class=\"elementor-post__read-more\" href=\"https:\/\/psoin.us.edu.pl\/index.php\/2024\/06\/03\/rekrutacja-na-rok-akademicki-2024-2025-rozpoczeta\/\" aria-label=\"Read more about Rekrutacja na rok akademicki 2024\/2025 rozpocz\u0119ta\" tabindex=\"-1\" >\n\t\t\tCzytaj wi\u0119cej \u00bb\t\t<\/a>\n\n\t\t\t\t<\/div>\n\t\t\t\t<\/article>\n\t\t\t\t<article class=\"elementor-post elementor-grid-item post-183 post type-post status-publish format-standard has-post-thumbnail hentry category-wiadomosci\" role=\"listitem\">\n\t\t\t\t<a class=\"elementor-post__thumbnail__link\" href=\"https:\/\/psoin.us.edu.pl\/index.php\/2024\/05\/09\/zakonczenie\/\" tabindex=\"-1\" >\n\t\t\t<div class=\"elementor-post__thumbnail\"><img loading=\"lazy\" decoding=\"async\" width=\"300\" height=\"196\" src=\"https:\/\/psoin.us.edu.pl\/wp-content\/uploads\/2024\/05\/tablica-zaprawy-i-dyplom-ukonczenia-studiow-1-scaled-1-300x196.jpg\" class=\"attachment-medium size-medium wp-image-188\" alt=\"\" srcset=\"https:\/\/psoin.us.edu.pl\/wp-content\/uploads\/2024\/05\/tablica-zaprawy-i-dyplom-ukonczenia-studiow-1-scaled-1-300x196.jpg 300w, https:\/\/psoin.us.edu.pl\/wp-content\/uploads\/2024\/05\/tablica-zaprawy-i-dyplom-ukonczenia-studiow-1-scaled-1-768x501.jpg 768w, https:\/\/psoin.us.edu.pl\/wp-content\/uploads\/2024\/05\/tablica-zaprawy-i-dyplom-ukonczenia-studiow-1-scaled-1.jpg 800w\" sizes=\"(max-width: 300px) 100vw, 300px\" \/><\/div>\n\t\t<\/a>\n\t\t\t\t<div class=\"elementor-post__text\">\n\t\t\t\t<h3 class=\"elementor-post__title\">\n\t\t\t<a href=\"https:\/\/psoin.us.edu.pl\/index.php\/2024\/05\/09\/zakonczenie\/\" >\n\t\t\t\tZako\u0144czenie roku akademickiego 2023\/2024 i uroczysto\u015b\u0107 20-lecia Studi\u00f3w\t\t\t<\/a>\n\t\t<\/h3>\n\t\t\t\t<div class=\"elementor-post__meta-data\">\n\t\t\t\t\t<span class=\"elementor-post-date\">\n\t\t\t9 maja, 2024\t\t<\/span>\n\t\t\t\t<\/div>\n\t\t\t\t<div class=\"elementor-post__excerpt\">\n\t\t\t\t\t<\/div>\n\t\t\n\t\t<a class=\"elementor-post__read-more\" href=\"https:\/\/psoin.us.edu.pl\/index.php\/2024\/05\/09\/zakonczenie\/\" aria-label=\"Read more about Zako\u0144czenie roku akademickiego 2023\/2024 i uroczysto\u015b\u0107 20-lecia Studi\u00f3w\" tabindex=\"-1\" >\n\t\t\tCzytaj wi\u0119cej \u00bb\t\t<\/a>\n\n\t\t\t\t<\/div>\n\t\t\t\t<\/article>\n\t\t\t\t<article class=\"elementor-post elementor-grid-item post-172 post type-post status-publish format-standard has-post-thumbnail hentry category-wiadomosci\" role=\"listitem\">\n\t\t\t\t<a class=\"elementor-post__thumbnail__link\" href=\"https:\/\/psoin.us.edu.pl\/index.php\/2024\/01\/22\/rozpoczecie-ii-semestru-2-3-marzec-2024-r\/\" tabindex=\"-1\" >\n\t\t\t<div class=\"elementor-post__thumbnail\"><img loading=\"lazy\" decoding=\"async\" width=\"300\" height=\"191\" src=\"https:\/\/psoin.us.edu.pl\/wp-content\/uploads\/2023\/07\/DSC_3985-300x191.jpg\" class=\"attachment-medium size-medium wp-image-84\" alt=\"\" srcset=\"https:\/\/psoin.us.edu.pl\/wp-content\/uploads\/2023\/07\/DSC_3985-300x191.jpg 300w, https:\/\/psoin.us.edu.pl\/wp-content\/uploads\/2023\/07\/DSC_3985-768x489.jpg 768w, https:\/\/psoin.us.edu.pl\/wp-content\/uploads\/2023\/07\/DSC_3985.jpg 800w\" sizes=\"(max-width: 300px) 100vw, 300px\" \/><\/div>\n\t\t<\/a>\n\t\t\t\t<div class=\"elementor-post__text\">\n\t\t\t\t<h3 class=\"elementor-post__title\">\n\t\t\t<a href=\"https:\/\/psoin.us.edu.pl\/index.php\/2024\/01\/22\/rozpoczecie-ii-semestru-2-3-marzec-2024-r\/\" >\n\t\t\t\tRozpocz\u0119cie II semestru | 2-3 marzec 2024 r.\t\t\t<\/a>\n\t\t<\/h3>\n\t\t\t\t<div class=\"elementor-post__meta-data\">\n\t\t\t\t\t<span class=\"elementor-post-date\">\n\t\t\t22 stycznia, 2024\t\t<\/span>\n\t\t\t\t<\/div>\n\t\t\t\t<div class=\"elementor-post__excerpt\">\n\t\t\t<p>Informujemy, \u017ce trwa przerwa mi\u0119dzysemestralna. Semestr II rozpoczynamy zjazdem zdalnym 2-3 marzec 2024 r. Harmonogram zjazd\u00f3w zosta\u0142 uaktualniony i jest dost\u0119pny: Harmonogram &#8211; aktualizacja_19.01.2024.pdf Zmiana<\/p>\n\t\t<\/div>\n\t\t\n\t\t<a class=\"elementor-post__read-more\" href=\"https:\/\/psoin.us.edu.pl\/index.php\/2024\/01\/22\/rozpoczecie-ii-semestru-2-3-marzec-2024-r\/\" aria-label=\"Read more about Rozpocz\u0119cie II semestru | 2-3 marzec 2024 r.\" tabindex=\"-1\" >\n\t\t\tCzytaj wi\u0119cej \u00bb\t\t<\/a>\n\n\t\t\t\t<\/div>\n\t\t\t\t<\/article>\n\t\t\t\t<article class=\"elementor-post elementor-grid-item post-162 post type-post status-publish format-standard has-post-thumbnail hentry category-wiadomosci\" role=\"listitem\">\n\t\t\t\t<a class=\"elementor-post__thumbnail__link\" href=\"https:\/\/psoin.us.edu.pl\/index.php\/2023\/12\/22\/swiatecznie\/\" tabindex=\"-1\" >\n\t\t\t<div class=\"elementor-post__thumbnail\"><img loading=\"lazy\" decoding=\"async\" width=\"300\" height=\"200\" src=\"https:\/\/psoin.us.edu.pl\/wp-content\/uploads\/2023\/12\/1-pl-kartki-swiateczne-us-300x200.jpg\" class=\"attachment-medium size-medium wp-image-166\" alt=\"\" srcset=\"https:\/\/psoin.us.edu.pl\/wp-content\/uploads\/2023\/12\/1-pl-kartki-swiateczne-us-300x200.jpg 300w, https:\/\/psoin.us.edu.pl\/wp-content\/uploads\/2023\/12\/1-pl-kartki-swiateczne-us-1024x683.jpg 1024w, https:\/\/psoin.us.edu.pl\/wp-content\/uploads\/2023\/12\/1-pl-kartki-swiateczne-us-768x512.jpg 768w, https:\/\/psoin.us.edu.pl\/wp-content\/uploads\/2023\/12\/1-pl-kartki-swiateczne-us-930x620.jpg 930w, https:\/\/psoin.us.edu.pl\/wp-content\/uploads\/2023\/12\/1-pl-kartki-swiateczne-us.jpg 1200w\" sizes=\"(max-width: 300px) 100vw, 300px\" \/><\/div>\n\t\t<\/a>\n\t\t\t\t<div class=\"elementor-post__text\">\n\t\t\t\t<h3 class=\"elementor-post__title\">\n\t\t\t<a href=\"https:\/\/psoin.us.edu.pl\/index.php\/2023\/12\/22\/swiatecznie\/\" >\n\t\t\t\t\u015awi\u0105teczna kol\u0119da\t\t\t<\/a>\n\t\t<\/h3>\n\t\t\t\t<div class=\"elementor-post__meta-data\">\n\t\t\t\t\t<span class=\"elementor-post-date\">\n\t\t\t22 grudnia, 2023\t\t<\/span>\n\t\t\t\t<\/div>\n\t\t\t\t<div class=\"elementor-post__excerpt\">\n\t\t\t<p>\u015awi\u0105teczna kol\u0119da uniwersytecka<\/p>\n\t\t<\/div>\n\t\t\n\t\t<a class=\"elementor-post__read-more\" href=\"https:\/\/psoin.us.edu.pl\/index.php\/2023\/12\/22\/swiatecznie\/\" aria-label=\"Read more about \u015awi\u0105teczna kol\u0119da\" tabindex=\"-1\" >\n\t\t\tCzytaj wi\u0119cej \u00bb\t\t<\/a>\n\n\t\t\t\t<\/div>\n\t\t\t\t<\/article>\n\t\t\t\t<article class=\"elementor-post elementor-grid-item post-154 post type-post status-publish format-standard has-post-thumbnail hentry category-wiadomosci\" role=\"listitem\">\n\t\t\t\t<a class=\"elementor-post__thumbnail__link\" href=\"https:\/\/psoin.us.edu.pl\/index.php\/2023\/10\/21\/rozpoczecie-xix-edycji-studiow\/\" tabindex=\"-1\" >\n\t\t\t<div class=\"elementor-post__thumbnail\"><img loading=\"lazy\" decoding=\"async\" width=\"300\" height=\"200\" src=\"https:\/\/psoin.us.edu.pl\/wp-content\/uploads\/2023\/10\/00-300x200.jpg\" class=\"attachment-medium size-medium wp-image-159\" alt=\"\" srcset=\"https:\/\/psoin.us.edu.pl\/wp-content\/uploads\/2023\/10\/00-300x200.jpg 300w, https:\/\/psoin.us.edu.pl\/wp-content\/uploads\/2023\/10\/00-768x513.jpg 768w, https:\/\/psoin.us.edu.pl\/wp-content\/uploads\/2023\/10\/00.jpg 800w\" sizes=\"(max-width: 300px) 100vw, 300px\" \/><\/div>\n\t\t<\/a>\n\t\t\t\t<div class=\"elementor-post__text\">\n\t\t\t\t<h3 class=\"elementor-post__title\">\n\t\t\t<a href=\"https:\/\/psoin.us.edu.pl\/index.php\/2023\/10\/21\/rozpoczecie-xix-edycji-studiow\/\" >\n\t\t\t\tRozpocz\u0119cie XIX edycji Studi\u00f3w\t\t\t<\/a>\n\t\t<\/h3>\n\t\t\t\t<div class=\"elementor-post__meta-data\">\n\t\t\t\t\t<span class=\"elementor-post-date\">\n\t\t\t21 pa\u017adziernika, 2023\t\t<\/span>\n\t\t\t\t<\/div>\n\t\t\t\t<div class=\"elementor-post__excerpt\">\n\t\t\t<p>W dniu 21 pa\u017adziernika 2023 r. o godz. 8.30 rozpoczyna si\u0119 XIX edycji studi\u00f3w podyplomowych Ochrona informacji niejawnych i administracja bezpiecze\u0144stwa informacji. Wa\u017cne i pomocne<\/p>\n\t\t<\/div>\n\t\t\n\t\t<a class=\"elementor-post__read-more\" href=\"https:\/\/psoin.us.edu.pl\/index.php\/2023\/10\/21\/rozpoczecie-xix-edycji-studiow\/\" aria-label=\"Read more about Rozpocz\u0119cie XIX edycji Studi\u00f3w\" tabindex=\"-1\" >\n\t\t\tCzytaj wi\u0119cej \u00bb\t\t<\/a>\n\n\t\t\t\t<\/div>\n\t\t\t\t<\/article>\n\t\t\t\t<article class=\"elementor-post elementor-grid-item post-79 post type-post status-publish format-standard has-post-thumbnail hentry category-wiadomosci\" role=\"listitem\">\n\t\t\t\t<a class=\"elementor-post__thumbnail__link\" href=\"https:\/\/psoin.us.edu.pl\/index.php\/2023\/10\/02\/powaga-uniwersytetu-list-rektora-us-na-poczatek-roku-akademickiego-2023-2024\/\" tabindex=\"-1\" >\n\t\t\t<div class=\"elementor-post__thumbnail\"><img loading=\"lazy\" decoding=\"async\" width=\"300\" height=\"201\" src=\"https:\/\/psoin.us.edu.pl\/wp-content\/uploads\/2023\/10\/rektor-300x201.jpg\" class=\"attachment-medium size-medium wp-image-80\" alt=\"\" srcset=\"https:\/\/psoin.us.edu.pl\/wp-content\/uploads\/2023\/10\/rektor-300x201.jpg 300w, https:\/\/psoin.us.edu.pl\/wp-content\/uploads\/2023\/10\/rektor.jpg 600w\" sizes=\"(max-width: 300px) 100vw, 300px\" \/><\/div>\n\t\t<\/a>\n\t\t\t\t<div class=\"elementor-post__text\">\n\t\t\t\t<h3 class=\"elementor-post__title\">\n\t\t\t<a href=\"https:\/\/psoin.us.edu.pl\/index.php\/2023\/10\/02\/powaga-uniwersytetu-list-rektora-us-na-poczatek-roku-akademickiego-2023-2024\/\" >\n\t\t\t\tList rektora U\u015a na pocz\u0105tek roku akademickiego 2023\/2024\t\t\t<\/a>\n\t\t<\/h3>\n\t\t\t\t<div class=\"elementor-post__meta-data\">\n\t\t\t\t\t<span class=\"elementor-post-date\">\n\t\t\t2 pa\u017adziernika, 2023\t\t<\/span>\n\t\t\t\t<\/div>\n\t\t\t\t<div class=\"elementor-post__excerpt\">\n\t\t\t<p>Drodzy \u2013 Uczone i Uczeni, Studentki i Studenci, Doktorantki i Doktoranci, Pracowniczki i Pracownicy Uniwersytetu \u015al\u0105skiego! 1. \u201eNie wyg\u0142upiajmy si\u0119 \u2013 \u015bwiat jest jeden\u201d \u2013<\/p>\n\t\t<\/div>\n\t\t\n\t\t<a class=\"elementor-post__read-more\" href=\"https:\/\/psoin.us.edu.pl\/index.php\/2023\/10\/02\/powaga-uniwersytetu-list-rektora-us-na-poczatek-roku-akademickiego-2023-2024\/\" aria-label=\"Read more about List rektora U\u015a na pocz\u0105tek roku akademickiego 2023\/2024\" tabindex=\"-1\" >\n\t\t\tCzytaj wi\u0119cej \u00bb\t\t<\/a>\n\n\t\t\t\t<\/div>\n\t\t\t\t<\/article>\n\t\t\t\t<article class=\"elementor-post elementor-grid-item post-1 post type-post status-publish format-standard has-post-thumbnail hentry category-wiadomosci\" role=\"listitem\">\n\t\t\t\t<a class=\"elementor-post__thumbnail__link\" href=\"https:\/\/psoin.us.edu.pl\/index.php\/2023\/09\/14\/hello-world\/\" tabindex=\"-1\" >\n\t\t\t<div class=\"elementor-post__thumbnail\"><img loading=\"lazy\" decoding=\"async\" width=\"300\" height=\"200\" src=\"https:\/\/psoin.us.edu.pl\/wp-content\/uploads\/2023\/10\/kobieta-przekazuje-rozne-informacje-w-internecie-dla-obserwujacych-300x200.jpg\" class=\"attachment-medium size-medium wp-image-142\" alt=\"Close up portrait of smiling young blogger woman telling different information online for followers by laptop. Concept of process communicating online with modern microphone and notebook.\" srcset=\"https:\/\/psoin.us.edu.pl\/wp-content\/uploads\/2023\/10\/kobieta-przekazuje-rozne-informacje-w-internecie-dla-obserwujacych-300x200.jpg 300w, https:\/\/psoin.us.edu.pl\/wp-content\/uploads\/2023\/10\/kobieta-przekazuje-rozne-informacje-w-internecie-dla-obserwujacych-768x512.jpg 768w, https:\/\/psoin.us.edu.pl\/wp-content\/uploads\/2023\/10\/kobieta-przekazuje-rozne-informacje-w-internecie-dla-obserwujacych.jpg 800w\" sizes=\"(max-width: 300px) 100vw, 300px\" \/><\/div>\n\t\t<\/a>\n\t\t\t\t<div class=\"elementor-post__text\">\n\t\t\t\t<h3 class=\"elementor-post__title\">\n\t\t\t<a href=\"https:\/\/psoin.us.edu.pl\/index.php\/2023\/09\/14\/hello-world\/\" >\n\t\t\t\tOg\u0142oszenie o uruchomieniu XIX edycji\t\t\t<\/a>\n\t\t<\/h3>\n\t\t\t\t<div class=\"elementor-post__meta-data\">\n\t\t\t\t\t<span class=\"elementor-post-date\">\n\t\t\t14 wrze\u015bnia, 2023\t\t<\/span>\n\t\t\t\t<\/div>\n\t\t\t\t<div class=\"elementor-post__excerpt\">\n\t\t\t<p>Mi\u0142o nam poinformowa\u0107, \u017ce w dniu 21.10.2023 r. o godzinie 9.00 rozpocznie si\u0119 XIX edycja studi\u00f3w podyplomowych Ochrona informacji niejawnych i administracja bezpiecze\u0144stwa informacji. Spotykamy<\/p>\n\t\t<\/div>\n\t\t\n\t\t<a class=\"elementor-post__read-more\" href=\"https:\/\/psoin.us.edu.pl\/index.php\/2023\/09\/14\/hello-world\/\" aria-label=\"Read more about Og\u0142oszenie o uruchomieniu XIX edycji\" tabindex=\"-1\" >\n\t\t\tCzytaj wi\u0119cej \u00bb\t\t<\/a>\n\n\t\t\t\t<\/div>\n\t\t\t\t<\/article>\n\t\t\t\t<\/div>\n\t\t\n\t\t\t\t\t\t<\/div>\n\t\t\t\t<\/div>\n\t\t\t\t\t<\/div>\n\t\t\t\t<\/div>\n\t\t\t\t<\/div>\n\t\t","protected":false},"excerpt":{"rendered":"","protected":false},"author":1,"featured_media":0,"parent":0,"menu_order":0,"comment_status":"closed","ping_status":"closed","template":"elementor_theme","meta":{"footnotes":""},"class_list":["post-739","page","type-page","status-publish","hentry"],"yoast_head":"<!-- This site is optimized with the Yoast SEO plugin v27.4 - https:\/\/yoast.com\/product\/yoast-seo-wordpress\/ -->\n<title>aktualno\u015bci -<\/title>\n<meta name=\"robots\" content=\"index, follow, max-snippet:-1, max-image-preview:large, max-video-preview:-1\" \/>\n<link rel=\"canonical\" href=\"https:\/\/psoin.us.edu.pl\/index.php\/aktualnosci\/\" \/>\n<meta property=\"og:locale\" content=\"pl_PL\" \/>\n<meta property=\"og:type\" content=\"article\" \/>\n<meta property=\"og:title\" content=\"aktualno\u015bci -\" \/>\n<meta property=\"og:url\" content=\"https:\/\/psoin.us.edu.pl\/index.php\/aktualnosci\/\" \/>\n<meta property=\"article:modified_time\" content=\"2025-09-24T18:06:34+00:00\" \/>\n<meta name=\"twitter:card\" content=\"summary_large_image\" \/>\n<meta name=\"twitter:label1\" content=\"Szacowany czas czytania\" \/>\n\t<meta name=\"twitter:data1\" content=\"10 minut\" \/>\n<script type=\"application\/ld+json\" class=\"yoast-schema-graph\">{\"@context\":\"https:\\\/\\\/schema.org\",\"@graph\":[{\"@type\":\"WebPage\",\"@id\":\"https:\\\/\\\/psoin.us.edu.pl\\\/index.php\\\/aktualnosci\\\/\",\"url\":\"https:\\\/\\\/psoin.us.edu.pl\\\/index.php\\\/aktualnosci\\\/\",\"name\":\"aktualno\u015bci -\",\"isPartOf\":{\"@id\":\"https:\\\/\\\/psoin.us.edu.pl\\\/#website\"},\"datePublished\":\"2025-09-24T18:04:10+00:00\",\"dateModified\":\"2025-09-24T18:06:34+00:00\",\"breadcrumb\":{\"@id\":\"https:\\\/\\\/psoin.us.edu.pl\\\/index.php\\\/aktualnosci\\\/#breadcrumb\"},\"inLanguage\":\"pl-PL\",\"potentialAction\":[{\"@type\":\"ReadAction\",\"target\":[\"https:\\\/\\\/psoin.us.edu.pl\\\/index.php\\\/aktualnosci\\\/\"]}]},{\"@type\":\"BreadcrumbList\",\"@id\":\"https:\\\/\\\/psoin.us.edu.pl\\\/index.php\\\/aktualnosci\\\/#breadcrumb\",\"itemListElement\":[{\"@type\":\"ListItem\",\"position\":1,\"name\":\"Strona g\u0142\u00f3wna\",\"item\":\"https:\\\/\\\/psoin.us.edu.pl\\\/\"},{\"@type\":\"ListItem\",\"position\":2,\"name\":\"aktualno\u015bci\"}]},{\"@type\":\"WebSite\",\"@id\":\"https:\\\/\\\/psoin.us.edu.pl\\\/#website\",\"url\":\"https:\\\/\\\/psoin.us.edu.pl\\\/\",\"name\":\"Studia podyplomowe ochrona informacji niejawnych i administracja bezpiecze\u0144stwa informacji\",\"description\":\"\",\"publisher\":{\"@id\":\"https:\\\/\\\/psoin.us.edu.pl\\\/#organization\"},\"potentialAction\":[{\"@type\":\"SearchAction\",\"target\":{\"@type\":\"EntryPoint\",\"urlTemplate\":\"https:\\\/\\\/psoin.us.edu.pl\\\/?s={search_term_string}\"},\"query-input\":{\"@type\":\"PropertyValueSpecification\",\"valueRequired\":true,\"valueName\":\"search_term_string\"}}],\"inLanguage\":\"pl-PL\"},{\"@type\":\"Organization\",\"@id\":\"https:\\\/\\\/psoin.us.edu.pl\\\/#organization\",\"name\":\"Uniwersytet \u015al\u0105ski\",\"url\":\"https:\\\/\\\/psoin.us.edu.pl\\\/\",\"logo\":{\"@type\":\"ImageObject\",\"inLanguage\":\"pl-PL\",\"@id\":\"https:\\\/\\\/psoin.us.edu.pl\\\/#\\\/schema\\\/logo\\\/image\\\/\",\"url\":\"https:\\\/\\\/psoin.us.edu.pl\\\/wp-content\\\/uploads\\\/2025\\\/07\\\/cropped-2.png\",\"contentUrl\":\"https:\\\/\\\/psoin.us.edu.pl\\\/wp-content\\\/uploads\\\/2025\\\/07\\\/cropped-2.png\",\"width\":1792,\"height\":512,\"caption\":\"Uniwersytet \u015al\u0105ski\"},\"image\":{\"@id\":\"https:\\\/\\\/psoin.us.edu.pl\\\/#\\\/schema\\\/logo\\\/image\\\/\"}}]}<\/script>\n<!-- \/ Yoast SEO plugin. -->","yoast_head_json":{"title":"aktualno\u015bci -","robots":{"index":"index","follow":"follow","max-snippet":"max-snippet:-1","max-image-preview":"max-image-preview:large","max-video-preview":"max-video-preview:-1"},"canonical":"https:\/\/psoin.us.edu.pl\/index.php\/aktualnosci\/","og_locale":"pl_PL","og_type":"article","og_title":"aktualno\u015bci -","og_url":"https:\/\/psoin.us.edu.pl\/index.php\/aktualnosci\/","article_modified_time":"2025-09-24T18:06:34+00:00","twitter_card":"summary_large_image","twitter_misc":{"Szacowany czas czytania":"10 minut"},"schema":{"@context":"https:\/\/schema.org","@graph":[{"@type":"WebPage","@id":"https:\/\/psoin.us.edu.pl\/index.php\/aktualnosci\/","url":"https:\/\/psoin.us.edu.pl\/index.php\/aktualnosci\/","name":"aktualno\u015bci -","isPartOf":{"@id":"https:\/\/psoin.us.edu.pl\/#website"},"datePublished":"2025-09-24T18:04:10+00:00","dateModified":"2025-09-24T18:06:34+00:00","breadcrumb":{"@id":"https:\/\/psoin.us.edu.pl\/index.php\/aktualnosci\/#breadcrumb"},"inLanguage":"pl-PL","potentialAction":[{"@type":"ReadAction","target":["https:\/\/psoin.us.edu.pl\/index.php\/aktualnosci\/"]}]},{"@type":"BreadcrumbList","@id":"https:\/\/psoin.us.edu.pl\/index.php\/aktualnosci\/#breadcrumb","itemListElement":[{"@type":"ListItem","position":1,"name":"Strona g\u0142\u00f3wna","item":"https:\/\/psoin.us.edu.pl\/"},{"@type":"ListItem","position":2,"name":"aktualno\u015bci"}]},{"@type":"WebSite","@id":"https:\/\/psoin.us.edu.pl\/#website","url":"https:\/\/psoin.us.edu.pl\/","name":"Studia podyplomowe ochrona informacji niejawnych i administracja bezpiecze\u0144stwa informacji","description":"","publisher":{"@id":"https:\/\/psoin.us.edu.pl\/#organization"},"potentialAction":[{"@type":"SearchAction","target":{"@type":"EntryPoint","urlTemplate":"https:\/\/psoin.us.edu.pl\/?s={search_term_string}"},"query-input":{"@type":"PropertyValueSpecification","valueRequired":true,"valueName":"search_term_string"}}],"inLanguage":"pl-PL"},{"@type":"Organization","@id":"https:\/\/psoin.us.edu.pl\/#organization","name":"Uniwersytet \u015al\u0105ski","url":"https:\/\/psoin.us.edu.pl\/","logo":{"@type":"ImageObject","inLanguage":"pl-PL","@id":"https:\/\/psoin.us.edu.pl\/#\/schema\/logo\/image\/","url":"https:\/\/psoin.us.edu.pl\/wp-content\/uploads\/2025\/07\/cropped-2.png","contentUrl":"https:\/\/psoin.us.edu.pl\/wp-content\/uploads\/2025\/07\/cropped-2.png","width":1792,"height":512,"caption":"Uniwersytet \u015al\u0105ski"},"image":{"@id":"https:\/\/psoin.us.edu.pl\/#\/schema\/logo\/image\/"}}]}},"_links":{"self":[{"href":"https:\/\/psoin.us.edu.pl\/index.php\/wp-json\/wp\/v2\/pages\/739","targetHints":{"allow":["GET"]}}],"collection":[{"href":"https:\/\/psoin.us.edu.pl\/index.php\/wp-json\/wp\/v2\/pages"}],"about":[{"href":"https:\/\/psoin.us.edu.pl\/index.php\/wp-json\/wp\/v2\/types\/page"}],"author":[{"embeddable":true,"href":"https:\/\/psoin.us.edu.pl\/index.php\/wp-json\/wp\/v2\/users\/1"}],"replies":[{"embeddable":true,"href":"https:\/\/psoin.us.edu.pl\/index.php\/wp-json\/wp\/v2\/comments?post=739"}],"version-history":[{"count":4,"href":"https:\/\/psoin.us.edu.pl\/index.php\/wp-json\/wp\/v2\/pages\/739\/revisions"}],"predecessor-version":[{"id":743,"href":"https:\/\/psoin.us.edu.pl\/index.php\/wp-json\/wp\/v2\/pages\/739\/revisions\/743"}],"wp:attachment":[{"href":"https:\/\/psoin.us.edu.pl\/index.php\/wp-json\/wp\/v2\/media?parent=739"}],"curies":[{"name":"wp","href":"https:\/\/api.w.org\/{rel}","templated":true}]}}